{"id":3205,"date":"2024-03-06T15:21:37","date_gmt":"2024-03-06T15:21:37","guid":{"rendered":"http:\/\/santarufina.gob.ec\/?page_id=3205"},"modified":"2024-05-29T20:43:50","modified_gmt":"2024-05-29T20:43:50","slug":"marzo-5","status":"publish","type":"page","link":"https:\/\/santarufina.gob.ec\/?page_id=3205","title":{"rendered":"MARZO"},"content":{"rendered":"\t\t<div data-elementor-type=\"wp-page\" data-elementor-id=\"3205\" class=\"elementor elementor-3205\">\n\t\t\t\t\t\t<section class=\"elementor-section elementor-top-section elementor-element elementor-element-87747cb elementor-section-boxed elementor-section-height-default elementor-section-height-default\" data-id=\"87747cb\" data-element_type=\"section\">\n\t\t\t\t\t\t<div class=\"elementor-container elementor-column-gap-default\">\n\t\t\t\t\t<div class=\"elementor-column elementor-col-100 elementor-top-column elementor-element elementor-element-533077f\" data-id=\"533077f\" data-element_type=\"column\">\n\t\t\t<div class=\"elementor-widget-wrap elementor-element-populated\">\n\t\t\t\t\t\t<div class=\"elementor-element elementor-element-c7625a2 elementor-widget elementor-widget-accordion\" data-id=\"c7625a2\" data-element_type=\"widget\" data-widget_type=\"accordion.default\">\n\t\t\t\t<div class=\"elementor-widget-container\">\n\t\t\t\t\t<div class=\"elementor-accordion\">\n\t\t\t\t\t\t\t<div class=\"elementor-accordion-item\">\n\t\t\t\t\t<div id=\"elementor-tab-title-2091\" class=\"elementor-tab-title\" data-tab=\"1\" role=\"button\" aria-controls=\"elementor-tab-content-2091\" aria-expanded=\"false\">\n\t\t\t\t\t\t\t\t\t\t\t\t\t<span class=\"elementor-accordion-icon elementor-accordion-icon-left\" aria-hidden=\"true\">\n\t\t\t\t\t\t\t\t\t\t\t\t\t\t\t<span class=\"elementor-accordion-icon-closed\"><i class=\"fas fa-plus\"><\/i><\/span>\n\t\t\t\t\t\t\t\t<span class=\"elementor-accordion-icon-opened\"><i class=\"fas fa-minus\"><\/i><\/span>\n\t\t\t\t\t\t\t\t\t\t\t\t\t\t<\/span>\n\t\t\t\t\t\t\t\t\t\t\t\t<a class=\"elementor-accordion-title\" tabindex=\"0\">Articulo 19<\/a>\n\t\t\t\t\t<\/div>\n\t\t\t\t\t<div id=\"elementor-tab-content-2091\" class=\"elementor-tab-content elementor-clearfix\" data-tab=\"1\" role=\"region\" aria-labelledby=\"elementor-tab-title-2091\"><p class=\"has-text-color has-vivid-red-color\"><strong>Art\u00edculo 19<\/strong><\/p>\n<p><!-- \/wp:paragraph --><!-- wp:paragraph {\"textColor\":\"vivid-red\"} --><\/p>\n<p class=\"has-text-color has-vivid-red-color\"><strong>1.1 Estructura org\u00e1nica<\/strong><\/p>\n<p><!-- \/wp:paragraph --><!-- wp:paragraph {\"textColor\":\"very-dark-gray\"} --><\/p>\n<p class=\"has-text-color has-very-dark-gray-color\">\u00b7\u00a0\u00a0\u00a0\u00a0\u00a0 <a href=\"http:\/\/santarufina.gob.ec\/wp-content\/uploads\/2024\/05\/1-1_estructura-organica.csv\"><strong>Conjunto de datos<\/strong><\/a><\/p>\n<p><!-- \/wp:paragraph --><!-- wp:paragraph {\"textColor\":\"very-dark-gray\"} --><\/p>\n<p class=\"has-text-color has-very-dark-gray-color\">\u00b7\u00a0\u00a0\u00a0\u00a0\u00a0 <strong>Metadatos<\/strong><\/p>\n<p><!-- \/wp:paragraph --><!-- wp:paragraph {\"textColor\":\"very-dark-gray\"} --><\/p>\n<p class=\"has-text-color has-very-dark-gray-color\">\u00b7\u00a0\u00a0\u00a0\u00a0\u00a0 <strong>Diccionario<\/strong><\/p>\n<p><!-- \/wp:paragraph --><!-- wp:paragraph {\"textColor\":\"vivid-red\"} --><\/p>\n<p class=\"has-text-color has-vivid-red-color\"><strong>1.2-1.3 Base Legal Regulaciones Procedimientos Internos<\/strong><\/p>\n<p><!-- \/wp:paragraph --><!-- wp:paragraph {\"textColor\":\"very-dark-gray\"} --><\/p>\n<p class=\"has-text-color has-very-dark-gray-color\">\u00b7\u00a0\u00a0\u00a0\u00a0\u00a0 <a href=\"http:\/\/santarufina.gob.ec\/wp-content\/uploads\/2024\/05\/1-2_1-3_base-legal-regulaciones-procedimientos-internos.csv\"><strong>Conjunto de datos<\/strong><\/a><\/p>\n<p><!-- \/wp:paragraph --><!-- wp:paragraph {\"textColor\":\"very-dark-gray\"} --><\/p>\n<p class=\"has-text-color has-very-dark-gray-color\">\u00b7\u00a0\u00a0\u00a0\u00a0\u00a0 <strong>Metadatos<\/strong><\/p>\n<p><!-- \/wp:paragraph --><!-- wp:paragraph {\"textColor\":\"very-dark-gray\"} --><\/p>\n<p class=\"has-text-color has-very-dark-gray-color\">\u00b7\u00a0\u00a0\u00a0\u00a0\u00a0 <a href=\"http:\/\/santarufina.gob.ec\/wp-content\/uploads\/2024\/05\/1-2_1-3_base-legal-regulaciones-procedimientos-internos-d.csv\"><strong>Diccionario<\/strong><\/a><\/p>\n<p><!-- \/wp:paragraph --><!-- wp:paragraph {\"textColor\":\"vivid-red\"} --><\/p>\n<p class=\"has-text-color has-vivid-red-color\"><strong>1.4 Metas y objetivos unidades<\/strong><\/p>\n<p><!-- \/wp:paragraph --><!-- wp:paragraph --><\/p>\n<p>\u00b7\u00a0\u00a0\u00a0\u00a0\u00a0 <a href=\"http:\/\/santarufina.gob.ec\/wp-content\/uploads\/2024\/05\/1-4_metas-y-objetivos-unidades.csv\"><span style=\"color: #000000;\"><strong>Conjunto de datos<\/strong><\/span><\/a><\/p>\n<p><span style=\"color: #000000;\"><strong><!-- \/wp:paragraph --><!-- wp:paragraph --><\/strong><\/span><\/p>\n<p><span style=\"color: #000000;\"><strong>\u00b7\u00a0\u00a0\u00a0\u00a0\u00a0 Metadatos<\/strong><\/span><\/p>\n<p><span style=\"color: #000000;\"><strong><!-- \/wp:paragraph --><!-- wp:paragraph --><\/strong><\/span><\/p>\n<p><span style=\"color: #000000;\"><strong>\u00b7\u00a0\u00a0\u00a0\u00a0\u00a0 Diccionario<\/strong><\/span><\/p>\n<p><!-- \/wp:paragraph --><!-- wp:paragraph {\"textColor\":\"vivid-red\"} --><\/p>\n<p class=\"has-text-color has-vivid-red-color\"><strong>2.1-2.2 Directorio y distributivo personal de la entidad<\/strong><\/p>\n<p><!-- \/wp:paragraph --><!-- wp:paragraph {\"textColor\":\"very-dark-gray\"} --><\/p>\n<p class=\"has-text-color has-very-dark-gray-color\">\u00b7\u00a0\u00a0\u00a0\u00a0\u00a0 <a href=\"http:\/\/santarufina.gob.ec\/wp-content\/uploads\/2024\/05\/2-1_2-2_directorio-y-distributivo-personal-de-la-entidad.csv\"><strong>Conjunto de datos<\/strong><\/a><\/p>\n<p><!-- \/wp:paragraph --><!-- wp:paragraph {\"textColor\":\"very-dark-gray\"} --><\/p>\n<p class=\"has-text-color has-very-dark-gray-color\">\u00b7\u00a0\u00a0\u00a0\u00a0\u00a0 <strong>Metadatos<\/strong><\/p>\n<p><!-- \/wp:paragraph --><!-- wp:paragraph {\"textColor\":\"very-dark-gray\"} --><\/p>\n<p class=\"has-text-color has-very-dark-gray-color\">\u00b7\u00a0\u00a0\u00a0\u00a0\u00a0 <strong>Diccionario<\/strong><\/p>\n<p><!-- \/wp:paragraph --><!-- wp:paragraph {\"textColor\":\"vivid-red\"} --><\/p>\n<p class=\"has-text-color has-vivid-red-color\"><strong>3. Remuneraciones ingresos adicionales<\/strong><\/p>\n<p><!-- \/wp:paragraph --><!-- wp:paragraph {\"align\":\"left\",\"textColor\":\"very-dark-gray\"} --><\/p>\n<p class=\"has-text-color has-very-dark-gray-color\" style=\"text-align: left;\">\u00b7\u00a0\u00a0\u00a0\u00a0\u00a0 <a href=\"http:\/\/santarufina.gob.ec\/wp-content\/uploads\/2024\/05\/3_remuneraciones-ingresos-adicionales.csv\"><strong>Conjunto de datos<\/strong><\/a><\/p>\n<p><!-- \/wp:paragraph --><!-- wp:paragraph {\"textColor\":\"very-dark-gray\"} --><\/p>\n<p class=\"has-text-color has-very-dark-gray-color\">\u00b7\u00a0\u00a0\u00a0\u00a0\u00a0 <strong>Metadatos<\/strong><\/p>\n<p><!-- \/wp:paragraph --><!-- wp:paragraph {\"textColor\":\"very-dark-gray\"} --><\/p>\n<p class=\"has-text-color has-very-dark-gray-color\">\u00b7\u00a0\u00a0\u00a0\u00a0\u00a0 <strong>Diccionario<\/strong><\/p>\n<p><!-- \/wp:paragraph --><!-- wp:paragraph {\"textColor\":\"vivid-red\"} --><\/p>\n<p class=\"has-text-color has-vivid-red-color\"><strong>4. Detalle licencia comisiones<\/strong><\/p>\n<p><!-- \/wp:paragraph --><!-- wp:paragraph {\"textColor\":\"very-dark-gray\"} --><\/p>\n<p class=\"has-text-color has-very-dark-gray-color\">\u00b7\u00a0\u00a0\u00a0\u00a0\u00a0 <strong>Conjunto de datos<\/strong><\/p>\n<p><!-- \/wp:paragraph --><!-- wp:paragraph {\"textColor\":\"very-dark-gray\"} --><\/p>\n<p class=\"has-text-color has-very-dark-gray-color\">\u00b7\u00a0\u00a0\u00a0\u00a0\u00a0 <strong>Metadatos<\/strong><\/p>\n<p><!-- \/wp:paragraph --><!-- wp:paragraph {\"textColor\":\"very-dark-gray\"} --><\/p>\n<p class=\"has-text-color has-very-dark-gray-color\">\u00b7\u00a0\u00a0\u00a0\u00a0\u00a0 <strong>Diccionario<\/strong><\/p>\n<p><!-- \/wp:paragraph --><!-- wp:paragraph {\"textColor\":\"vivid-red\"} --><\/p>\n<p class=\"has-text-color has-vivid-red-color\"><strong>5-22 Servicios -formularios-formatos-tr\u00e1mites<\/strong><\/p>\n<p><!-- \/wp:paragraph --><!-- wp:paragraph {\"textColor\":\"very-dark-gray\"} --><\/p>\n<p class=\"has-text-color has-very-dark-gray-color\">\u00b7\u00a0\u00a0\u00a0\u00a0\u00a0 <a href=\"http:\/\/santarufina.gob.ec\/wp-content\/uploads\/2024\/05\/5-22_servicios-formularios-formatos-tramites.csv\"><strong>Conjunto de datos<\/strong><\/a><\/p>\n<p><!-- \/wp:paragraph --><!-- wp:paragraph {\"textColor\":\"very-dark-gray\"} --><\/p>\n<p class=\"has-text-color has-very-dark-gray-color\">\u00b7\u00a0\u00a0\u00a0\u00a0\u00a0 <strong>Metadatos<\/strong><\/p>\n<p><!-- \/wp:paragraph --><!-- wp:paragraph {\"textColor\":\"very-dark-gray\"} --><\/p>\n<p class=\"has-text-color has-very-dark-gray-color\">\u00b7\u00a0\u00a0\u00a0\u00a0\u00a0 <strong>Diccionario<\/strong><\/p>\n<p><!-- \/wp:paragraph --><!-- wp:paragraph {\"textColor\":\"vivid-red\"} --><\/p>\n<p class=\"has-text-color has-vivid-red-color\"><strong>6. Presupuesto de la instituci\u00f3n<\/strong><\/p>\n<p><!-- \/wp:paragraph --><!-- wp:paragraph --><\/p>\n<p>\u00b7\u00a0\u00a0\u00a0\u00a0\u00a0 <a href=\"http:\/\/santarufina.gob.ec\/wp-content\/uploads\/2024\/05\/6_presupuesto-de-la-institucion-cd-1.csv\"><strong><span style=\"color: #000000;\">Conjunto de datos<\/span><\/strong><\/a><\/p>\n<p><strong><span style=\"color: #000000;\"><!-- \/wp:paragraph --><!-- wp:paragraph --><\/span><\/strong><\/p>\n<p><strong><span style=\"color: #000000;\">\u00b7\u00a0\u00a0\u00a0\u00a0\u00a0 Metadatos<\/span><\/strong><\/p>\n<p><strong><span style=\"color: #000000;\"><!-- \/wp:paragraph --><!-- wp:paragraph --><\/span><\/strong><\/p>\n<p><strong><span style=\"color: #000000;\">\u00b7\u00a0\u00a0\u00a0\u00a0\u00a0 <a href=\"http:\/\/santarufina.gob.ec\/wp-content\/uploads\/2024\/05\/6_presupuesto-de-la-institucion-diccionario-3.csv\">Diccionario<\/a><\/span><\/strong><\/p>\n<p><!-- \/wp:paragraph --><!-- wp:paragraph {\"textColor\":\"vivid-red\"} --><\/p>\n<p class=\"has-text-color has-vivid-red-color\"><strong>7. Resultados de las auditor\u00edas internas y gubernamentales<\/strong><\/p>\n<p><!-- \/wp:paragraph --><!-- wp:paragraph --><\/p>\n<p>\u00b7\u00a0\u00a0\u00a0\u00a0\u00a0 <a href=\"http:\/\/santarufina.gob.ec\/wp-content\/uploads\/2024\/05\/7_resultados-de-las-auditorias-internas-y-gubernamentales-cd-1.csv\"><span style=\"color: #000000;\"><strong>Conjunto de datos<\/strong><\/span><\/a><\/p>\n<p><span style=\"color: #000000;\"><strong><!-- \/wp:paragraph --><!-- wp:paragraph --><\/strong><\/span><\/p>\n<p><span style=\"color: #000000;\"><strong>\u00b7\u00a0\u00a0\u00a0\u00a0\u00a0 Metadatos<\/strong><\/span><\/p>\n<p><span style=\"color: #000000;\"><strong><!-- \/wp:paragraph --><!-- wp:paragraph --><\/strong><\/span><\/p>\n<p><span style=\"color: #000000;\"><strong>\u00b7\u00a0\u00a0\u00a0\u00a0\u00a0 <a href=\"http:\/\/santarufina.gob.ec\/wp-content\/uploads\/2024\/05\/7_resultados-de-las-auditorias-internas-y-gubernamentales-d.csv\">Diccionario<\/a><\/strong><\/span><\/p>\n<p><!-- \/wp:paragraph --><!-- wp:paragraph {\"textColor\":\"vivid-red\"} --><\/p>\n<p class=\"has-text-color has-vivid-red-color\"><strong>8. Procesos de contrataci\u00f3n publica<\/strong><\/p>\n<p><!-- \/wp:paragraph --><!-- wp:paragraph {\"textColor\":\"very-dark-gray\"} --><\/p>\n<p class=\"has-text-color has-very-dark-gray-color\">\u00b7\u00a0\u00a0\u00a0\u00a0\u00a0 <a href=\"http:\/\/santarufina.gob.ec\/wp-content\/uploads\/2024\/05\/8_procesos-de-contratacion-publica-cd-1.csv\"><strong>Conjunto de datos<\/strong><\/a><\/p>\n<p><!-- \/wp:paragraph --><!-- wp:paragraph {\"textColor\":\"very-dark-gray\"} --><\/p>\n<p class=\"has-text-color has-very-dark-gray-color\">\u00b7\u00a0\u00a0\u00a0\u00a0\u00a0 <a href=\"http:\/\/santarufina.gob.ec\/wp-content\/uploads\/2024\/05\/8_procesos-de-contratacion-publica-m-1.csv\"><strong>Metadatos<\/strong><\/a><\/p>\n<p><!-- \/wp:paragraph --><!-- wp:paragraph {\"textColor\":\"very-dark-gray\"} --><\/p>\n<p class=\"has-text-color has-very-dark-gray-color\">\u00b7\u00a0\u00a0\u00a0\u00a0\u00a0 <strong>Diccionario<\/strong><\/p>\n<p><!-- \/wp:paragraph --><!-- wp:paragraph {\"textColor\":\"vivid-red\"} --><\/p>\n<p class=\"has-text-color has-vivid-red-color\"><strong>9. Listado de empresas y personas que han incumplido contratos<\/strong><\/p>\n<p><!-- \/wp:paragraph --><!-- wp:paragraph {\"textColor\":\"very-dark-gray\"} --><\/p>\n<p class=\"has-text-color has-very-dark-gray-color\">\u00b7\u00a0\u00a0\u00a0\u00a0\u00a0 <a href=\"http:\/\/santarufina.gob.ec\/wp-content\/uploads\/2024\/05\/9_listado-de-empresas-y-personas-que\u2013han-incumplido-contratos.csv\"><strong>Conjunto de datos<\/strong><\/a><\/p>\n<p><!-- \/wp:paragraph --><!-- wp:paragraph {\"textColor\":\"very-dark-gray\"} --><\/p>\n<p class=\"has-text-color has-very-dark-gray-color\">\u00b7\u00a0\u00a0\u00a0\u00a0\u00a0 <a href=\"http:\/\/santarufina.gob.ec\/wp-content\/uploads\/2024\/05\/9_listado-de-empresas-y-personas-que\u2013han-incumplido-contratos-m.csv\"><strong>Metadatos<\/strong><\/a><\/p>\n<p><!-- \/wp:paragraph --><!-- wp:paragraph {\"textColor\":\"very-dark-gray\"} --><\/p>\n<p class=\"has-text-color has-very-dark-gray-color\">\u00b7\u00a0\u00a0\u00a0\u00a0\u00a0 <a href=\"http:\/\/santarufina.gob.ec\/wp-content\/uploads\/2024\/05\/9_listado-de-empresas-y-personas-que\u2013han-incumplido-contratos-d.csv\"><strong>Diccionario<\/strong><\/a><\/p>\n<p><!-- \/wp:paragraph --><!-- wp:paragraph {\"textColor\":\"vivid-red\"} --><\/p>\n<p class=\"has-text-color has-vivid-red-color\"><strong>10. Planes y programas<\/strong><\/p>\n<p><!-- \/wp:paragraph --><!-- wp:paragraph {\"textColor\":\"very-dark-gray\"} --><\/p>\n<p class=\"has-text-color has-very-dark-gray-color\">\u00b7\u00a0\u00a0\u00a0\u00a0\u00a0 <a href=\"http:\/\/santarufina.gob.ec\/wp-content\/uploads\/2024\/05\/10_planes-y-programas-2.csv\"><strong>Conjunto de datos<\/strong><\/a><\/p>\n<p><!-- \/wp:paragraph --><!-- wp:paragraph {\"textColor\":\"very-dark-gray\"} --><\/p>\n<p class=\"has-text-color has-very-dark-gray-color\">\u00b7\u00a0\u00a0\u00a0\u00a0\u00a0 <strong>Metadatos<\/strong><\/p>\n<p><!-- \/wp:paragraph --><!-- wp:paragraph {\"textColor\":\"very-dark-gray\"} --><\/p>\n<p class=\"has-text-color has-very-dark-gray-color\">\u00b7\u00a0\u00a0\u00a0\u00a0\u00a0 <a href=\"http:\/\/santarufina.gob.ec\/wp-content\/uploads\/2024\/05\/10_planes-y-programas-d-1.csv\"><strong>Diccionario<\/strong><\/a><\/p>\n<p><!-- \/wp:paragraph --><!-- wp:paragraph {\"textColor\":\"vivid-red\"} --><\/p>\n<p class=\"has-text-color has-vivid-red-color\"><strong>11. Contratos de cr\u00e9dito externos o internos<\/strong><\/p>\n<p><!-- \/wp:paragraph --><!-- wp:paragraph {\"textColor\":\"very-dark-gray\"} --><\/p>\n<p class=\"has-text-color has-very-dark-gray-color\">\u00b7\u00a0\u00a0\u00a0\u00a0\u00a0 <a href=\"http:\/\/santarufina.gob.ec\/wp-content\/uploads\/2024\/05\/11_contratos-de-credito-externos-o-internos-2.csv\"><strong>Conjunto de datos<\/strong><\/a><\/p>\n<p><!-- \/wp:paragraph --><!-- wp:paragraph {\"textColor\":\"very-dark-gray\"} --><\/p>\n<p class=\"has-text-color has-very-dark-gray-color\">\u00b7\u00a0\u00a0\u00a0\u00a0\u00a0 <strong>Metadatos<\/strong><\/p>\n<p><!-- \/wp:paragraph --><!-- wp:paragraph {\"textColor\":\"very-dark-gray\"} --><\/p>\n<p class=\"has-text-color has-very-dark-gray-color\">\u00b7\u00a0\u00a0\u00a0\u00a0\u00a0 <a href=\"http:\/\/santarufina.gob.ec\/wp-content\/uploads\/2024\/05\/11_contratos-de-credito-externos-o-internos-d-1.csv\"><strong>Diccionario<\/strong><\/a><\/p>\n<p><!-- \/wp:paragraph --><!-- wp:paragraph {\"textColor\":\"vivid-red\"} --><\/p>\n<p class=\"has-text-color has-vivid-red-color\"><strong>12. Mecanismos rendici\u00f3n cuentas<\/strong><\/p>\n<p><!-- \/wp:paragraph --><!-- wp:paragraph {\"textColor\":\"very-dark-gray\"} --><\/p>\n<p class=\"has-text-color has-very-dark-gray-color\">\u00b7\u00a0\u00a0\u00a0\u00a0\u00a0 <a href=\"http:\/\/santarufina.gob.ec\/wp-content\/uploads\/2024\/05\/12_mecanismos-rendicion-cuentas-cd.csv\"><strong>Conjunto de datos<\/strong><\/a><\/p>\n<p><!-- \/wp:paragraph --><!-- wp:paragraph {\"textColor\":\"very-dark-gray\"} --><\/p>\n<p class=\"has-text-color has-very-dark-gray-color\">\u00b7\u00a0\u00a0\u00a0\u00a0\u00a0 <a href=\"http:\/\/santarufina.gob.ec\/wp-content\/uploads\/2024\/05\/12_mecanismos-rendicion-cuentas-m.csv\"><strong>Metadatos<\/strong><\/a><\/p>\n<p><!-- \/wp:paragraph --><!-- wp:paragraph {\"textColor\":\"very-dark-gray\"} --><\/p>\n<p class=\"has-text-color has-very-dark-gray-color\">\u00b7\u00a0\u00a0\u00a0\u00a0\u00a0 <a href=\"http:\/\/santarufina.gob.ec\/wp-content\/uploads\/2024\/05\/12_mecanismos-rendicion-cuentas-d.csv\"><strong>Diccionario<\/strong><\/a><\/p>\n<p><!-- \/wp:paragraph --><!-- wp:paragraph {\"textColor\":\"vivid-red\"} --><\/p>\n<p class=\"has-text-color has-vivid-red-color\"><strong>13. Vi\u00e1ticos informes de trabajo y justificativos de movilizaci\u00f3n<\/strong><\/p>\n<p><!-- \/wp:paragraph --><!-- wp:paragraph {\"textColor\":\"very-dark-gray\"} --><\/p>\n<p class=\"has-text-color has-very-dark-gray-color\">\u00b7\u00a0\u00a0\u00a0\u00a0\u00a0 <a href=\"http:\/\/santarufina.gob.ec\/wp-content\/uploads\/2024\/05\/13_viaticos-informes-de-trabajo-y-justificativos-de-movilizacion-cd.csv\"><strong>Conjunto de datos<\/strong><\/a><\/p>\n<p><!-- \/wp:paragraph --><!-- wp:paragraph {\"textColor\":\"very-dark-gray\"} --><\/p>\n<p class=\"has-text-color has-very-dark-gray-color\">\u00b7\u00a0\u00a0\u00a0\u00a0\u00a0 <a href=\"http:\/\/santarufina.gob.ec\/wp-content\/uploads\/2024\/05\/13_viaticos-informes-de-trabajo-y-justificativos-de-movilizacion-m-1.csv\"><strong>Metadatos<\/strong><\/a><\/p>\n<p><!-- \/wp:paragraph --><!-- wp:paragraph {\"textColor\":\"very-dark-gray\"} --><\/p>\n<p class=\"has-text-color has-very-dark-gray-color\">\u00b7\u00a0\u00a0\u00a0\u00a0\u00a0 <strong>Diccionario<\/strong><\/p>\n<p><!-- \/wp:paragraph --><!-- wp:paragraph {\"textColor\":\"vivid-red\"} --><\/p>\n<p class=\"has-text-color has-vivid-red-color\"><strong>14. Responsables del acceso de informaci\u00f3n publica<\/strong><\/p>\n<p><!-- \/wp:paragraph --><!-- wp:paragraph {\"textColor\":\"very-dark-gray\"} --><\/p>\n<p class=\"has-text-color has-very-dark-gray-color\">\u00b7\u00a0\u00a0\u00a0\u00a0\u00a0 <a href=\"http:\/\/santarufina.gob.ec\/wp-content\/uploads\/2024\/05\/14_responsables-del-acceso-de-informacion-publica-cd-1.csv\"><strong>Conjunto de datos<\/strong><\/a><\/p>\n<p><!-- \/wp:paragraph --><!-- wp:paragraph {\"textColor\":\"very-dark-gray\"} --><\/p>\n<p class=\"has-text-color has-very-dark-gray-color\">\u00b7\u00a0\u00a0\u00a0\u00a0\u00a0 <a href=\"http:\/\/santarufina.gob.ec\/wp-content\/uploads\/2024\/05\/14_responsables-del-acceso-de-informacion-publica-m-1.csv\"><strong>Metadatos<\/strong><\/a><\/p>\n<p><!-- \/wp:paragraph --><!-- wp:paragraph {\"textColor\":\"very-dark-gray\"} --><\/p>\n<p class=\"has-text-color has-very-dark-gray-color\">\u00b7\u00a0\u00a0\u00a0\u00a0\u00a0 <a href=\"http:\/\/santarufina.gob.ec\/wp-content\/uploads\/2024\/05\/14_responsables-del-acceso-de-informacion-publica-d.csv\"><strong>Diccionario<\/strong><\/a><\/p>\n<p><!-- \/wp:paragraph --><!-- wp:paragraph {\"textColor\":\"vivid-red\"} --><\/p>\n<p class=\"has-text-color has-vivid-red-color\"><strong>15. Texto \u00edntegro de los contratos colectivos vigentes y reformas<\/strong><\/p>\n<p><!-- \/wp:paragraph --><!-- wp:paragraph --><\/p>\n<p>\u00b7\u00a0\u00a0\u00a0\u00a0\u00a0 <a href=\"http:\/\/santarufina.gob.ec\/wp-content\/uploads\/2024\/05\/15_texto-integro-de-los-contratos-colectivos-vigentes-y-reformas-1.csv\"><span style=\"color: #000000;\"><strong>Conjunto de datos<\/strong><\/span><\/a><\/p>\n<p><span style=\"color: #000000;\"><strong><!-- \/wp:paragraph --><!-- wp:paragraph --><\/strong><\/span><\/p>\n<p><span style=\"color: #000000;\"><strong>\u00b7\u00a0\u00a0\u00a0\u00a0\u00a0 Metadatos<\/strong><\/span><\/p>\n<p><span style=\"color: #000000;\"><strong><!-- \/wp:paragraph --><!-- wp:paragraph --><\/strong><\/span><\/p>\n<p><span style=\"color: #000000;\"><strong>\u00b7\u00a0\u00a0\u00a0\u00a0\u00a0 <a href=\"http:\/\/santarufina.gob.ec\/wp-content\/uploads\/2024\/05\/15_texto-integro-de-los-contratos-colectivos-vigentes-y-reformas-d.csv\">Diccionario<\/a><\/strong><\/span><\/p>\n<p><!-- \/wp:paragraph --><!-- wp:paragraph {\"textColor\":\"vivid-red\"} --><\/p>\n<p class=\"has-text-color has-vivid-red-color\"><strong>16. Listado \u00edndice formaci\u00f3n reservada<\/strong><\/p>\n<p><!-- \/wp:paragraph --><!-- wp:paragraph --><\/p>\n<p>\u00b7\u00a0\u00a0\u00a0\u00a0\u00a0 <a href=\"http:\/\/santarufina.gob.ec\/wp-content\/uploads\/2024\/05\/16_indice-informacion-reservada-1.csv\"><strong><span style=\"color: #000000;\">Conjunto de datos<\/span><\/strong><\/a><\/p>\n<p><strong><span style=\"color: #000000;\"><!-- \/wp:paragraph --><!-- wp:paragraph --><\/span><\/strong><\/p>\n<p><strong><span style=\"color: #000000;\">\u00b7\u00a0\u00a0\u00a0\u00a0\u00a0 <a href=\"http:\/\/santarufina.gob.ec\/wp-content\/uploads\/2024\/05\/16_indice-informacion-reservada-m-1.csv\">Metadatos<\/a><\/span><\/strong><\/p>\n<p><strong><span style=\"color: #000000;\"><!-- \/wp:paragraph --><!-- wp:paragraph --><\/span><\/strong><\/p>\n<p><strong><span style=\"color: #000000;\">\u00b7\u00a0\u00a0\u00a0\u00a0\u00a0 <a href=\"http:\/\/santarufina.gob.ec\/wp-content\/uploads\/2024\/05\/16_indice-informacion-reservada-d.csv\">Diccionario<\/a><\/span><\/strong><\/p>\n<p><!-- \/wp:paragraph --><!-- wp:paragraph {\"textColor\":\"vivid-red\"} --><\/p>\n<p class=\"has-text-color has-vivid-red-color\"><strong>17. Detalle de las audiencias y reuniones de autoridades<\/strong><\/p>\n<p><!-- \/wp:paragraph --><!-- wp:paragraph {\"textColor\":\"very-dark-gray\"} --><\/p>\n<p class=\"has-text-color has-very-dark-gray-color\">\u00b7\u00a0\u00a0\u00a0\u00a0\u00a0 <a href=\"http:\/\/santarufina.gob.ec\/wp-content\/uploads\/2024\/05\/17_audiencias-y-reuniones-autoridades-cd-2.csv\"><strong>Conjunto de datos<\/strong><\/a><\/p>\n<p><!-- \/wp:paragraph --><!-- wp:paragraph {\"textColor\":\"very-dark-gray\"} --><\/p>\n<p class=\"has-text-color has-very-dark-gray-color\">\u00b7\u00a0\u00a0\u00a0\u00a0\u00a0 <strong>Metadatos<\/strong><\/p>\n<p><!-- \/wp:paragraph --><!-- wp:paragraph {\"textColor\":\"very-dark-gray\"} --><\/p>\n<p class=\"has-text-color has-very-dark-gray-color\">\u00b7\u00a0\u00a0\u00a0\u00a0\u00a0 <a href=\"http:\/\/santarufina.gob.ec\/wp-content\/uploads\/2024\/05\/17_audiencias-y-reuniones-autoridades-d.csv\"><strong>Diccionario<\/strong><\/a><\/p>\n<p><!-- \/wp:paragraph --><!-- wp:paragraph {\"textColor\":\"vivid-red\"} --><\/p>\n<p class=\"has-text-color has-vivid-red-color\"><strong>18. Detalle de convenios nacionales e internacionales<\/strong><\/p>\n<p><!-- \/wp:paragraph --><!-- wp:paragraph {\"textColor\":\"very-dark-gray\"} --><\/p>\n<p class=\"has-text-color has-very-dark-gray-color\">\u00b7\u00a0\u00a0\u00a0\u00a0\u00a0 <a href=\"http:\/\/santarufina.gob.ec\/wp-content\/uploads\/2024\/05\/18_detalle-de-convenios-nacionales-e-internacionales-cd.csv\"><strong>Conjunto de datos<\/strong><\/a><\/p>\n<p><!-- \/wp:paragraph --><!-- wp:paragraph {\"textColor\":\"very-dark-gray\"} --><\/p>\n<p class=\"has-text-color has-very-dark-gray-color\">\u00b7\u00a0\u00a0\u00a0\u00a0\u00a0 <strong>Metadatos<\/strong><\/p>\n<p><!-- \/wp:paragraph --><!-- wp:paragraph {\"textColor\":\"very-dark-gray\"} --><\/p>\n<p class=\"has-text-color has-very-dark-gray-color\">\u00b7\u00a0\u00a0\u00a0\u00a0\u00a0 <a href=\"http:\/\/santarufina.gob.ec\/wp-content\/uploads\/2024\/05\/18_detalle-de-convenios-nacionales-e-internacionales-d.csv\"><strong>Diccionario<\/strong><\/a><\/p>\n<p><!-- \/wp:paragraph --><!-- wp:paragraph {\"textColor\":\"vivid-red\"} --><\/p>\n<p class=\"has-text-color has-vivid-red-color\"><strong>19. Detalle donativos oficiales y protocolares<\/strong><\/p>\n<p><!-- \/wp:paragraph --><!-- wp:paragraph --><\/p>\n<p>\u00b7\u00a0\u00a0\u00a0\u00a0\u00a0 <a href=\"http:\/\/santarufina.gob.ec\/wp-content\/uploads\/2024\/05\/19_detalle-donativos-oficiales-y-protocolares-cd-2.csv\"><span style=\"color: #000000;\"><strong>Conjunto de datos<\/strong><\/span><\/a><\/p>\n<p><span style=\"color: #000000;\"><strong><!-- \/wp:paragraph --><!-- wp:paragraph --><\/strong><\/span><\/p>\n<p><span style=\"color: #000000;\"><strong>\u00b7\u00a0\u00a0\u00a0\u00a0\u00a0 Metadatos<\/strong><\/span><\/p>\n<p><span style=\"color: #000000;\"><strong><!-- \/wp:paragraph --><!-- wp:paragraph --><\/strong><\/span><\/p>\n<p><span style=\"color: #000000;\"><strong>\u00b7\u00a0\u00a0\u00a0\u00a0\u00a0 <a href=\"http:\/\/santarufina.gob.ec\/wp-content\/uploads\/2024\/05\/19_detalle-donativos-oficiales-y-protocolares-d.csv\">Diccionario<\/a><\/strong><\/span><\/p>\n<p><!-- \/wp:paragraph --><!-- wp:paragraph {\"textColor\":\"vivid-red\"} --><\/p>\n<p class=\"has-text-color has-vivid-red-color\"><strong>20. Registro de activos de informaci\u00f3n frecuente y complementaria<\/strong><\/p>\n<p><!-- \/wp:paragraph --><!-- wp:paragraph {\"textColor\":\"very-dark-gray\"} --><\/p>\n<p class=\"has-text-color has-very-dark-gray-color\">\u00b7\u00a0\u00a0\u00a0\u00a0\u00a0<a href=\"http:\/\/santarufina.gob.ec\/wp-content\/uploads\/2024\/05\/20_registro-de-activos-de-informacion-frecuente-y-complementaria-cd.csv\"> <strong>Conjunto de datos<\/strong><\/a><\/p>\n<p><!-- \/wp:paragraph --><!-- wp:paragraph {\"textColor\":\"very-dark-gray\"} --><\/p>\n<p class=\"has-text-color has-very-dark-gray-color\">\u00b7\u00a0\u00a0\u00a0\u00a0\u00a0 <strong>Metadatos<\/strong><\/p>\n<p><!-- \/wp:paragraph --><!-- wp:paragraph {\"textColor\":\"very-dark-gray\"} --><\/p>\n<p class=\"has-text-color has-very-dark-gray-color\">\u00b7\u00a0\u00a0\u00a0\u00a0\u00a0 <a href=\"http:\/\/santarufina.gob.ec\/wp-content\/uploads\/2024\/05\/20_registro-de-activos-de-informacion-frecuente-y-complementaria-d.csv\"><strong>Diccionario<\/strong><\/a><\/p>\n<p><!-- \/wp:paragraph --><!-- wp:paragraph {\"textColor\":\"vivid-red\"} --><\/p>\n<p class=\"has-text-color has-vivid-red-color\"><strong>21. Pol\u00edticas p\u00fablicas o informaci\u00f3n grupo espec\u00edfico<\/strong><\/p>\n<p><!-- \/wp:paragraph --><!-- wp:paragraph {\"textColor\":\"very-dark-gray\"} --><\/p>\n<p class=\"has-text-color has-very-dark-gray-color\">\u00b7\u00a0\u00a0\u00a0\u00a0\u00a0 <a href=\"http:\/\/santarufina.gob.ec\/wp-content\/uploads\/2024\/05\/21_politicas-publicas-o-informacion-grupo-especifico-cd-1.csv\"><strong>Conjunto de datos<\/strong><\/a><\/p>\n<p><!-- \/wp:paragraph --><!-- wp:paragraph {\"textColor\":\"very-dark-gray\"} --><\/p>\n<p class=\"has-text-color has-very-dark-gray-color\">\u00b7\u00a0\u00a0\u00a0\u00a0\u00a0 <a href=\"http:\/\/santarufina.gob.ec\/wp-content\/uploads\/2024\/05\/21_politicas-publicas-o-informacion-grupo-especifico-m-1.csv\"><strong>Metadatos<\/strong><\/a><\/p>\n<p><!-- \/wp:paragraph --><!-- wp:paragraph {\"textColor\":\"very-dark-gray\"} --><\/p>\n<p class=\"has-text-color has-very-dark-gray-color\">\u00b7\u00a0\u00a0\u00a0\u00a0\u00a0 <a href=\"http:\/\/santarufina.gob.ec\/wp-content\/uploads\/2024\/05\/21_politicas-publicas-o-informacion-grupo-especifico-d.csv\"><strong>Diccionario<\/strong><\/a><\/p>\n<p><!-- \/wp:paragraph --><!-- wp:paragraph {\"textColor\":\"vivid-red\"} --><\/p>\n<p class=\"has-text-color has-vivid-red-color\"><strong>23. Detalle personas servidoras p\u00fablicas con acciones afirmativas<\/strong><\/p>\n<p><!-- \/wp:paragraph --><!-- wp:paragraph {\"textColor\":\"very-dark-gray\"} --><\/p>\n<p class=\"has-text-color has-very-dark-gray-color\">\u00b7\u00a0\u00a0\u00a0\u00a0\u00a0 <a href=\"http:\/\/santarufina.gob.ec\/wp-content\/uploads\/2024\/05\/23_detalle-personas-servidoras-publicas-con-acciones-afirmativas.csv\"><strong>Conjunto de datos<\/strong><\/a><\/p>\n<p><!-- \/wp:paragraph --><!-- wp:paragraph {\"textColor\":\"very-dark-gray\"} --><\/p>\n<p class=\"has-text-color has-very-dark-gray-color\">\u00b7\u00a0\u00a0\u00a0\u00a0\u00a0 <strong>Metadatos<\/strong><\/p>\n<p><!-- \/wp:paragraph --><!-- wp:paragraph {\"textColor\":\"very-dark-gray\"} --><\/p>\n<p class=\"has-text-color has-very-dark-gray-color\">\u00b7\u00a0\u00a0\u00a0\u00a0\u00a0<a href=\"http:\/\/santarufina.gob.ec\/wp-content\/uploads\/2024\/05\/23_detalle-personas-servidoras-publicas-con-acciones-afirmativas-d.csv\"> <strong>Diccionario<\/strong><\/a><\/p>\n<p><!-- \/wp:paragraph --><!-- wp:paragraph {\"textColor\":\"vivid-red\"} --><\/p>\n<p class=\"has-text-color has-vivid-red-color\"><strong>24. informaci\u00f3n relevante para el ejercicio de derechos ODS<\/strong><\/p>\n<p><!-- \/wp:paragraph --><!-- wp:paragraph {\"textColor\":\"very-dark-gray\"} --><\/p>\n<p class=\"has-text-color has-very-dark-gray-color\">\u00b7\u00a0\u00a0\u00a0\u00a0\u00a0 <a href=\"http:\/\/santarufina.gob.ec\/wp-content\/uploads\/2024\/05\/24_informacion-relevante-para-el-ejercicio-de-derechos-ods-cd-1.csv\"><strong>Conjunto de datos<\/strong><\/a><\/p>\n<p><!-- \/wp:paragraph --><!-- wp:paragraph {\"textColor\":\"very-dark-gray\"} --><\/p>\n<p class=\"has-text-color has-very-dark-gray-color\">\u00b7\u00a0\u00a0\u00a0\u00a0\u00a0 <strong>Metadatos<\/strong><\/p>\n<p><!-- \/wp:paragraph --><!-- wp:paragraph {\"textColor\":\"very-dark-gray\"} --><\/p>\n<p class=\"has-text-color has-very-dark-gray-color\">\u00b7\u00a0\u00a0\u00a0\u00a0\u00a0 <a href=\"http:\/\/santarufina.gob.ec\/wp-content\/uploads\/2024\/05\/24_informacion-relevante-para-el-ejercicio-de-derechos-ods-d.csv\"><strong>Diccionario<\/strong><\/a><\/p>\n<p class=\"has-text-color has-vivid-red-color\"><strong>Art. 24 1 Gobiernos Aut\u00f3nomos Descentralizados &#8211; Actas<\/strong><\/p>\n<p><!-- \/wp:paragraph --><!-- wp:paragraph {\"textColor\":\"very-dark-gray\"} --><\/p>\n<p class=\"has-text-color has-very-dark-gray-color\">\u00b7\u00a0\u00a0\u00a0\u00a0\u00a0 <a href=\"http:\/\/santarufina.gob.ec\/wp-content\/uploads\/2024\/05\/Art.-24-1-Gobiernos-Aut\u00f3nomos-Descentralizados-Actas-cd-2.csv\"><strong>Conjunto de datos<\/strong><\/a><\/p>\n<p><!-- \/wp:paragraph --><!-- wp:paragraph {\"textColor\":\"very-dark-gray\"} --><\/p>\n<p class=\"has-text-color has-very-dark-gray-color\">\u00b7\u00a0\u00a0\u00a0\u00a0\u00a0 <a href=\"http:\/\/santarufina.gob.ec\/wp-content\/uploads\/2024\/05\/Art.-24-1-Gobiernos-Aut\u00f3nomos-Descentralizados-Actas-metadatos-3.csv\"><strong>Metadatos<\/strong><\/a><\/p>\n<p><!-- \/wp:paragraph --><!-- wp:paragraph {\"textColor\":\"very-dark-gray\"} --><\/p>\n<p class=\"has-text-color has-very-dark-gray-color\">\u00b7\u00a0\u00a0\u00a0\u00a0\u00a0 <a href=\"http:\/\/santarufina.gob.ec\/wp-content\/uploads\/2024\/05\/Art.-24-1-Gobiernos-Aut\u00f3nomos-Descentralizados-Actas-d.csv\"><strong>Diccionario<\/strong><\/a><\/p>\n<p class=\"has-text-color has-vivid-red-color\"><strong>Art. 24 2 Gobiernos Aut\u00f3nomos Descentralizados &#8211; Resoluciones<\/strong><\/p>\n<p><!-- \/wp:paragraph --><!-- wp:paragraph {\"textColor\":\"very-dark-gray\"} --><\/p>\n<p class=\"has-text-color has-very-dark-gray-color\">\u00b7\u00a0\u00a0\u00a0\u00a0\u00a0 <a href=\"http:\/\/santarufina.gob.ec\/wp-content\/uploads\/2024\/05\/Art.-24-Gobiernos-Aut\u00f3nomos-Descentralizados-Resoluciones-cd.csv\"><strong>Conjunto de datos<\/strong><\/a><\/p>\n<p><!-- \/wp:paragraph --><!-- wp:paragraph {\"textColor\":\"very-dark-gray\"} --><\/p>\n<p class=\"has-text-color has-very-dark-gray-color\">\u00b7\u00a0\u00a0\u00a0\u00a0\u00a0 <a href=\"http:\/\/santarufina.gob.ec\/wp-content\/uploads\/2024\/05\/Art.-24-2-Gobiernos-Aut\u00f3nomos-Descentralizados-Resoluciones-metadatos-2.csv\"><strong>Metadatos<\/strong><\/a><\/p>\n<p><!-- \/wp:paragraph --><!-- wp:paragraph {\"textColor\":\"very-dark-gray\"} --><\/p>\n<p class=\"has-text-color has-very-dark-gray-color\">\u00b7\u00a0\u00a0\u00a0\u00a0\u00a0 <a href=\"http:\/\/santarufina.gob.ec\/wp-content\/uploads\/2024\/05\/Art.-24-Gobiernos-Aut\u00f3nomos-Descentralizados-Resoluciones-d.csv\"><strong>Diccionario<\/strong><\/a><\/p><\/div>\n\t\t\t\t<\/div>\n\t\t\t\t\t\t\t<div class=\"elementor-accordion-item\">\n\t\t\t\t\t<div id=\"elementor-tab-title-2092\" class=\"elementor-tab-title\" data-tab=\"2\" role=\"button\" aria-controls=\"elementor-tab-content-2092\" aria-expanded=\"false\">\n\t\t\t\t\t\t\t\t\t\t\t\t\t<span class=\"elementor-accordion-icon elementor-accordion-icon-left\" aria-hidden=\"true\">\n\t\t\t\t\t\t\t\t\t\t\t\t\t\t\t<span class=\"elementor-accordion-icon-closed\"><i class=\"fas fa-plus\"><\/i><\/span>\n\t\t\t\t\t\t\t\t<span class=\"elementor-accordion-icon-opened\"><i class=\"fas fa-minus\"><\/i><\/span>\n\t\t\t\t\t\t\t\t\t\t\t\t\t\t<\/span>\n\t\t\t\t\t\t\t\t\t\t\t\t<a class=\"elementor-accordion-title\" tabindex=\"0\">Articulo 23<\/a>\n\t\t\t\t\t<\/div>\n\t\t\t\t\t<div id=\"elementor-tab-content-2092\" class=\"elementor-tab-content elementor-clearfix\" data-tab=\"2\" role=\"region\" aria-labelledby=\"elementor-tab-title-2092\"><\/div>\n\t\t\t\t<\/div>\n\t\t\t\t\t\t\t<div class=\"elementor-accordion-item\">\n\t\t\t\t\t<div id=\"elementor-tab-title-2093\" class=\"elementor-tab-title\" data-tab=\"3\" role=\"button\" aria-controls=\"elementor-tab-content-2093\" aria-expanded=\"false\">\n\t\t\t\t\t\t\t\t\t\t\t\t\t<span class=\"elementor-accordion-icon elementor-accordion-icon-left\" aria-hidden=\"true\">\n\t\t\t\t\t\t\t\t\t\t\t\t\t\t\t<span class=\"elementor-accordion-icon-closed\"><i class=\"fas fa-plus\"><\/i><\/span>\n\t\t\t\t\t\t\t\t<span class=\"elementor-accordion-icon-opened\"><i class=\"fas fa-minus\"><\/i><\/span>\n\t\t\t\t\t\t\t\t\t\t\t\t\t\t<\/span>\n\t\t\t\t\t\t\t\t\t\t\t\t<a class=\"elementor-accordion-title\" tabindex=\"0\">Transparencia Activa<\/a>\n\t\t\t\t\t<\/div>\n\t\t\t\t\t<div id=\"elementor-tab-content-2093\" class=\"elementor-tab-content elementor-clearfix\" data-tab=\"3\" role=\"region\" aria-labelledby=\"elementor-tab-title-2093\"><p><a href=\"https:\/\/transparencia.dpe.gob.ec\/transparencia\/linkMatrizMensual.php?fecha=2024-03&amp;entidad=467\">https:\/\/transparencia.dpe.gob.ec\/transparencia\/linkMatrizMensual.php?fecha=2024-03&amp;entidad=467<\/a><\/p>\n<p class=\"has-text-color has-very-dark-gray-color\">\u00b7\u00a0\u00a0\u00a0\u00a0\u00a0 <span style=\"color: #0000ff;\"><strong>Conjunto de datos<\/strong><\/span><\/p>\n<p><span style=\"color: #0000ff;\"><!-- \/wp:paragraph --><!-- wp:paragraph {\"textColor\":\"very-dark-gray\"} --><\/span><\/p>\n<p class=\"has-text-color has-very-dark-gray-color\"><span style=\"color: #0000ff;\">\u00b7\u00a0\u00a0\u00a0\u00a0\u00a0 <strong>Metadatos<\/strong><\/span><\/p>\n<p><span style=\"color: #0000ff;\"><!-- \/wp:paragraph --><!-- wp:paragraph {\"textColor\":\"very-dark-gray\"} --><\/span><\/p>\n<p class=\"has-text-color has-very-dark-gray-color\"><span style=\"color: #0000ff;\">\u00b7\u00a0\u00a0\u00a0\u00a0\u00a0 <strong>Diccionario<\/strong><\/span><\/p><\/div>\n\t\t\t\t<\/div>\n\t\t\t\t\t\t\t<div class=\"elementor-accordion-item\">\n\t\t\t\t\t<div id=\"elementor-tab-title-2094\" class=\"elementor-tab-title\" data-tab=\"4\" role=\"button\" aria-controls=\"elementor-tab-content-2094\" aria-expanded=\"false\">\n\t\t\t\t\t\t\t\t\t\t\t\t\t<span class=\"elementor-accordion-icon elementor-accordion-icon-left\" aria-hidden=\"true\">\n\t\t\t\t\t\t\t\t\t\t\t\t\t\t\t<span class=\"elementor-accordion-icon-closed\"><i class=\"fas fa-plus\"><\/i><\/span>\n\t\t\t\t\t\t\t\t<span class=\"elementor-accordion-icon-opened\"><i class=\"fas fa-minus\"><\/i><\/span>\n\t\t\t\t\t\t\t\t\t\t\t\t\t\t<\/span>\n\t\t\t\t\t\t\t\t\t\t\t\t<a class=\"elementor-accordion-title\" tabindex=\"0\">Transparencia Pasiva<\/a>\n\t\t\t\t\t<\/div>\n\t\t\t\t\t<div id=\"elementor-tab-content-2094\" class=\"elementor-tab-content elementor-clearfix\" data-tab=\"4\" role=\"region\" aria-labelledby=\"elementor-tab-title-2094\"><p class=\"has-text-color has-very-dark-gray-color\">\u00b7\u00a0\u00a0\u00a0\u00a0\u00a0 <span style=\"color: #0000ff;\"><strong>Conjunto de datos<\/strong><\/span><\/p>\n<p><span style=\"color: #0000ff;\"><!-- \/wp:paragraph --><!-- wp:paragraph {\"textColor\":\"very-dark-gray\"} --><\/span><\/p>\n<p class=\"has-text-color has-very-dark-gray-color\"><span style=\"color: #0000ff;\">\u00b7\u00a0\u00a0\u00a0\u00a0\u00a0 <a href=\"http:\/\/santarufina.gob.ec\/wp-content\/uploads\/2024\/05\/metadatos-1.csv\"><strong>Metadatos<\/strong><\/a><\/span><\/p>\n<p><span style=\"color: #0000ff;\"><!-- \/wp:paragraph --><!-- wp:paragraph {\"textColor\":\"very-dark-gray\"} --><\/span><\/p>\n<p class=\"has-text-color has-very-dark-gray-color\"><span style=\"color: #0000ff;\">\u00b7\u00a0\u00a0\u00a0\u00a0\u00a0 <a href=\"http:\/\/santarufina.gob.ec\/wp-content\/uploads\/2024\/05\/diccionario-1.csv\"><strong>Diccionario<\/strong><\/a><\/span><\/p><\/div>\n\t\t\t\t<\/div>\n\t\t\t\t\t\t\t<div class=\"elementor-accordion-item\">\n\t\t\t\t\t<div id=\"elementor-tab-title-2095\" class=\"elementor-tab-title\" data-tab=\"5\" role=\"button\" aria-controls=\"elementor-tab-content-2095\" aria-expanded=\"false\">\n\t\t\t\t\t\t\t\t\t\t\t\t\t<span class=\"elementor-accordion-icon elementor-accordion-icon-left\" aria-hidden=\"true\">\n\t\t\t\t\t\t\t\t\t\t\t\t\t\t\t<span class=\"elementor-accordion-icon-closed\"><i class=\"fas fa-plus\"><\/i><\/span>\n\t\t\t\t\t\t\t\t<span class=\"elementor-accordion-icon-opened\"><i class=\"fas fa-minus\"><\/i><\/span>\n\t\t\t\t\t\t\t\t\t\t\t\t\t\t<\/span>\n\t\t\t\t\t\t\t\t\t\t\t\t<a class=\"elementor-accordion-title\" tabindex=\"0\">Transparencia Colaborativa<\/a>\n\t\t\t\t\t<\/div>\n\t\t\t\t\t<div id=\"elementor-tab-content-2095\" class=\"elementor-tab-content elementor-clearfix\" data-tab=\"5\" role=\"region\" aria-labelledby=\"elementor-tab-title-2095\"><p class=\"has-text-color has-very-dark-gray-color\">\u00b7\u00a0\u00a0\u00a0\u00a0\u00a0 <a href=\"http:\/\/santarufina.gob.ec\/wp-content\/uploads\/2024\/05\/matrizTransparenciaColaborativa-conjunto-3.csv\"><span style=\"color: #0000ff;\"><strong>Conjunto de datos<\/strong><\/span><\/a><\/p>\n<p><span style=\"color: #0000ff;\"><!-- \/wp:paragraph --><!-- wp:paragraph {\"textColor\":\"very-dark-gray\"} --><\/span><\/p>\n<p class=\"has-text-color has-very-dark-gray-color\"><span style=\"color: #0000ff;\">\u00b7\u00a0\u00a0\u00a0\u00a0\u00a0 <a href=\"http:\/\/santarufina.gob.ec\/wp-content\/uploads\/2024\/05\/matrizTransparenciaColaborativa-metadatos-2.csv\"><strong>Metadatos<\/strong><\/a><\/span><\/p>\n<p><span style=\"color: #0000ff;\"><!-- \/wp:paragraph --><!-- wp:paragraph {\"textColor\":\"very-dark-gray\"} --><\/span><\/p>\n<p class=\"has-text-color has-very-dark-gray-color\"><span style=\"color: #0000ff;\">\u00b7\u00a0\u00a0\u00a0\u00a0\u00a0 <a href=\"http:\/\/santarufina.gob.ec\/wp-content\/uploads\/2024\/05\/matrizTransparenciaColaborativa-diccionario-4.csv\"><strong>Diccionario<\/strong><\/a><\/span><\/p><\/div>\n\t\t\t\t<\/div>\n\t\t\t\t\t\t\t<div class=\"elementor-accordion-item\">\n\t\t\t\t\t<div id=\"elementor-tab-title-2096\" class=\"elementor-tab-title\" data-tab=\"6\" role=\"button\" aria-controls=\"elementor-tab-content-2096\" aria-expanded=\"false\">\n\t\t\t\t\t\t\t\t\t\t\t\t\t<span class=\"elementor-accordion-icon elementor-accordion-icon-left\" aria-hidden=\"true\">\n\t\t\t\t\t\t\t\t\t\t\t\t\t\t\t<span class=\"elementor-accordion-icon-closed\"><i class=\"fas fa-plus\"><\/i><\/span>\n\t\t\t\t\t\t\t\t<span class=\"elementor-accordion-icon-opened\"><i class=\"fas fa-minus\"><\/i><\/span>\n\t\t\t\t\t\t\t\t\t\t\t\t\t\t<\/span>\n\t\t\t\t\t\t\t\t\t\t\t\t<a class=\"elementor-accordion-title\" tabindex=\"0\">Transparencia Focalizada<\/a>\n\t\t\t\t\t<\/div>\n\t\t\t\t\t<div id=\"elementor-tab-content-2096\" class=\"elementor-tab-content elementor-clearfix\" data-tab=\"6\" role=\"region\" aria-labelledby=\"elementor-tab-title-2096\"><p class=\"has-text-color has-very-dark-gray-color\">\u00b7\u00a0\u00a0\u00a0\u00a0\u00a0 <a href=\"http:\/\/santarufina.gob.ec\/wp-content\/uploads\/2024\/05\/matrizTransparenciaFocalizada-conjunto-2.csv\"><span style=\"color: #0000ff;\"><strong>Conjunto de datos<\/strong><\/span><\/a><\/p>\n<p><span style=\"color: #0000ff;\"><!-- \/wp:paragraph --><!-- wp:paragraph {\"textColor\":\"very-dark-gray\"} --><\/span><\/p>\n<p class=\"has-text-color has-very-dark-gray-color\"><span style=\"color: #0000ff;\">\u00b7\u00a0\u00a0\u00a0\u00a0\u00a0 <a href=\"http:\/\/santarufina.gob.ec\/wp-content\/uploads\/2024\/05\/matrizTransparenciaFocalizada-metadatos-2.csv\"><strong>Metadatos<\/strong><\/a><\/span><\/p>\n<p><span style=\"color: #0000ff;\"><!-- \/wp:paragraph --><!-- wp:paragraph {\"textColor\":\"very-dark-gray\"} --><\/span><\/p>\n<p class=\"has-text-color has-very-dark-gray-color\"><span style=\"color: #0000ff;\">\u00b7\u00a0\u00a0\u00a0\u00a0\u00a0 <a href=\"http:\/\/santarufina.gob.ec\/wp-content\/uploads\/2024\/05\/matrizTransparenciaFocalizada-diccionario-3.csv\"><strong>Diccionario<\/strong><\/a><\/span><\/p><\/div>\n\t\t\t\t<\/div>\n\t\t\t\t\t\t\t\t<\/div>\n\t\t\t\t<\/div>\n\t\t\t\t<\/div>\n\t\t\t\t\t<\/div>\n\t\t<\/div>\n\t\t\t\t\t<\/div>\n\t\t<\/section>\n\t\t\t\t<\/div>\n\t\t","protected":false},"excerpt":{"rendered":"<p>Articulo 19 Art\u00edculo 19 1.1 Estructura org\u00e1nica \u00b7\u00a0\u00a0\u00a0\u00a0\u00a0 Conjunto de datos \u00b7\u00a0\u00a0\u00a0\u00a0\u00a0 Metadatos \u00b7\u00a0\u00a0\u00a0\u00a0\u00a0 Diccionario 1.2-1.3 Base Legal Regulaciones Procedimientos Internos \u00b7\u00a0\u00a0\u00a0\u00a0\u00a0 Conjunto de datos \u00b7\u00a0\u00a0\u00a0\u00a0\u00a0 Metadatos \u00b7\u00a0\u00a0\u00a0\u00a0\u00a0 Diccionario 1.4 Metas y objetivos unidades \u00b7\u00a0\u00a0\u00a0\u00a0\u00a0 Conjunto de datos \u00b7\u00a0\u00a0\u00a0\u00a0\u00a0 Metadatos \u00b7\u00a0\u00a0\u00a0\u00a0\u00a0 Diccionario 2.1-2.2 Directorio y distributivo personal de la entidad \u00b7\u00a0\u00a0\u00a0\u00a0\u00a0 Conjunto de datos \u00b7\u00a0\u00a0\u00a0\u00a0\u00a0 [&hellip;]<\/p>\n","protected":false},"author":1,"featured_media":0,"parent":0,"menu_order":0,"comment_status":"closed","ping_status":"closed","template":"","meta":{"footnotes":""},"_links":{"self":[{"href":"https:\/\/santarufina.gob.ec\/index.php?rest_route=\/wp\/v2\/pages\/3205"}],"collection":[{"href":"https:\/\/santarufina.gob.ec\/index.php?rest_route=\/wp\/v2\/pages"}],"about":[{"href":"https:\/\/santarufina.gob.ec\/index.php?rest_route=\/wp\/v2\/types\/page"}],"author":[{"embeddable":true,"href":"https:\/\/santarufina.gob.ec\/index.php?rest_route=\/wp\/v2\/users\/1"}],"replies":[{"embeddable":true,"href":"https:\/\/santarufina.gob.ec\/index.php?rest_route=%2Fwp%2Fv2%2Fcomments&post=3205"}],"version-history":[{"count":19,"href":"https:\/\/santarufina.gob.ec\/index.php?rest_route=\/wp\/v2\/pages\/3205\/revisions"}],"predecessor-version":[{"id":3787,"href":"https:\/\/santarufina.gob.ec\/index.php?rest_route=\/wp\/v2\/pages\/3205\/revisions\/3787"}],"wp:attachment":[{"href":"https:\/\/santarufina.gob.ec\/index.php?rest_route=%2Fwp%2Fv2%2Fmedia&parent=3205"}],"curies":[{"name":"wp","href":"https:\/\/api.w.org\/{rel}","templated":true}]}}